{"id":105,"date":"2021-05-11T19:27:03","date_gmt":"2021-05-11T17:27:03","guid":{"rendered":"https:\/\/www.radio-of-magic.com\/?page_id=105"},"modified":"2026-03-26T13:48:23","modified_gmt":"2026-03-26T12:48:23","slug":"accueil","status":"publish","type":"page","link":"https:\/\/www.radio-of-magic.com\/fr\/","title":{"rendered":"Accueil"},"content":{"rendered":"<section class=\"l-section wpb_row height_auto\"><div class=\"l-section-h i-cf\"><div class=\"g-cols vc_row via_flex valign_top type_default stacking_default\"><div class=\"vc_col-sm-12 wpb_column vc_column_container\"><div class=\"vc_column-inner\"><div class=\"wpb_wrapper\"><div class=\"wpb_text_column\"><div class=\"wpb_wrapper\"><h2>Radio of Magic, la webradio 100% Disneyland<span class=\"registred\">\u00ae<\/span> Paris, gratuite et sans pub<\/h2>\n<\/div><\/div><div class=\"w-separator size_medium\"><\/div><div class=\"wpb_text_column\"><div class=\"wpb_wrapper\"><p><strong>A n&rsquo;importe quel moment, o\u00f9 que vous soyez, plongez dans la magie musicale de Disneyland Paris&#8230; jusqu&rsquo;\u00e0 votre prochain s\u00e9jour !<\/strong><\/p>\n<p>Ambiances, musiques, attractions, spectacles, c&rsquo;est ainsi une biblioth\u00e8que de plus de 950 morceaux diffus\u00e9e chaque jour, gratuitement et partout dans le monde. Rejoignez nos <a href=\"https:\/\/www.radio-of-magic.com\/a-propos-de-radio-of-magic\/\">milliers d&rsquo;auditeurs hebdomadaires<\/a> !<\/p>\n<\/div><\/div><div class=\"w-hwrapper valign_middle align_center\"><div class=\"w-image align_center\"><a title=\"Comment nous \u00e9couter ?\" href=\"https:\/\/www.radio-of-magic.com\/comment-nous-ecouter\/\" aria-label=\"fr_FR-light\" class=\"w-image-h\"><img decoding=\"async\" width=\"171\" height=\"50\" src=\"https:\/\/www.radio-of-magic.com\/wp-content\/uploads\/2021\/05\/fr_FR-light.png\" class=\"attachment-full size-full\" alt=\"\" loading=\"lazy\" \/><\/a><\/div><div class=\"w-image align_none\"><a title=\"Comment nous \u00e9couter ?\" href=\"https:\/\/www.radio-of-magic.com\/comment-nous-ecouter\/\" aria-label=\"logo_nonstopradio\" class=\"w-image-h\"><img decoding=\"async\" width=\"300\" height=\"200\" src=\"https:\/\/www.radio-of-magic.com\/wp-content\/uploads\/2026\/03\/logo_nonstopradio-300x200.png\" class=\"attachment-medium size-medium\" alt=\"\" loading=\"lazy\" srcset=\"https:\/\/www.radio-of-magic.com\/wp-content\/uploads\/2026\/03\/logo_nonstopradio-300x200.png 300w, https:\/\/www.radio-of-magic.com\/wp-content\/uploads\/2026\/03\/logo_nonstopradio-1024x683.png 1024w, https:\/\/www.radio-of-magic.com\/wp-content\/uploads\/2026\/03\/logo_nonstopradio-18x12.png 18w, https:\/\/www.radio-of-magic.com\/wp-content\/uploads\/2026\/03\/logo_nonstopradio-888x592.png 888w, https:\/\/www.radio-of-magic.com\/wp-content\/uploads\/2026\/03\/logo_nonstopradio.png 1536w\" sizes=\"auto, (max-width: 300px) 100vw, 300px\" \/><\/a><\/div><div class=\"w-image align_none\"><a title=\"Comment nous \u00e9couter ?\" href=\"https:\/\/www.radio-of-magic.com\/comment-nous-ecouter\/\" aria-label=\"320px-TuneIn_Logo_2018.svg\" class=\"w-image-h\"><img decoding=\"async\" width=\"113\" height=\"50\" src=\"https:\/\/www.radio-of-magic.com\/wp-content\/uploads\/2021\/05\/320px-TuneIn_Logo_2018.svg.png\" class=\"attachment-full size-full\" alt=\"\" loading=\"lazy\" \/><\/a><\/div><\/div><\/div><\/div><\/div><div class=\"vc_col-sm-6 wpb_column vc_column_container\"><div class=\"vc_column-inner us_custom_1f257949\"><div class=\"wpb_wrapper\"><div class=\"wpb_text_column\"><div class=\"wpb_wrapper\"><p>D\u00e9couvrez les appareils et les applications qui pourraient vous convenir : smartphone, tablette, objets connect\u00e9s, voiture, etc. Il existe toujours un moyen rapide et simple de nous \u00e9couter.<\/p>\n<\/div><\/div><div class=\"w-separator size_small\"><\/div><div class=\"w-btn-wrapper align_center\"><a class=\"w-btn us-btn-style_2 icon_atleft\" title=\"Comment nous \u00e9couter ?\" href=\"https:\/\/www.radio-of-magic.com\/comment-nous-ecouter\/\"><i class=\"fas fa-headphones\"><\/i><span class=\"w-btn-label\">Comment nous \u00e9couter ?<\/span><\/a><\/div><\/div><\/div><\/div><div class=\"vc_col-sm-6 wpb_column vc_column_container\"><div class=\"vc_column-inner us_custom_eb849559\"><div class=\"wpb_wrapper\">\n\t<div class=\"wpb_raw_code wpb_raw_html wpb_content_element us_custom_909b2fd0\" >\n\t\t<div class=\"wpb_wrapper\">\n\t\t\t<iframe src=\"https:\/\/player.radioking.io\/radio-of-magic-stream\/?c=%231e7fcb&c2=%23ffffff&f=h&i=0&p=1&s=1&li=1&popup=1&plc=0&h=145&l=470&v=2\" style=\"border-radius: 5px; width: 470px; height: 145px; \" frameBorder=\"0\" ><\/iframe><script type=\"text\/javascript\" src=\"https:\/\/player.radioking.io\/scripts\/iframe.bundle.js\"><\/script>\n\t\t<\/div>\n\t<\/div>\n<\/div><\/div><\/div><\/div><\/div><\/section><section class=\"l-section wpb_row height_auto\"><div class=\"l-section-h i-cf\"><div class=\"g-cols vc_row via_flex valign_top type_default stacking_default\"><div class=\"vc_col-sm-12 wpb_column vc_column_container\"><div class=\"vc_column-inner\"><div class=\"wpb_wrapper\"><div class=\"w-separator size_medium\"><\/div><div class=\"w-separator size_large with_line width_default thick_3 style_solid color_border align_center with_text with_content\"><div class=\"w-separator-h\"><h3 class=\"w-separator-text\"><span>News<\/span><\/h3><\/div><\/div><div class=\"w-separator size_medium\"><\/div><div class=\"w-grid us_grid type_grid layout_154 cols_3 overflow_hidden preload_style_spinner\" id=\"us_grid_1\" style=\"--columns:3;--gap:1.5rem;\" data-filterable=\"true\"><style>@media (max-width:1024px){#us_grid_1{--columns:2!important}}@media (max-width:600px){#us_grid_1{--columns:1!important}}.layout_154 .w-grid-item-h{background:var(--color-content-bg);color:var(--color-content-text);border-radius:0.3rem;box-shadow:0 0.03rem 0.06rem rgba(0,0,0,0.1),0 0.1rem 0.3rem rgba(0,0,0,0.1);transition-duration:0.3s}.no-touch .layout_154 .w-grid-item-h:hover{box-shadow:0 0.1rem 0.2rem rgba(0,0,0,0.1),0 0.33rem 1rem rgba(0,0,0,0.15);z-index:4}.layout_154 .usg_post_title_1{font-size:1.4rem!important;font-weight:700!important}.layout_154 .usg_vwrapper_1{padding:5%!important}.layout_154 .usg_post_taxonomy_1{font-weight:700!important;text-transform:uppercase!important;font-size:10px!important;position:absolute!important;top:1.2rem!important;right:1.2rem!important;left:1.2rem!important}.layout_154 .usg_hwrapper_1{color:var(--color-content-faded)!important;font-size:0.9rem!important}@media (max-width:600px){.layout_154 .usg_post_title_1{font-size:1.2rem!important}}<\/style><div class=\"w-grid-list\">\t<article class=\"w-grid-item size_1x1 post-1001 post type-post status-publish format-standard has-post-thumbnail hentry category-musiques category-parc-disneyland\" data-id=\"1001\">\r\n\t\t<div class=\"w-grid-item-h\">\r\n\t\t\t\t\t\t<div class=\"w-post-elm post_image usg_post_image_1 stretched\"><a href=\"https:\/\/www.radio-of-magic.com\/fr\/2025\/04\/paroles-de-viva-la-musique-lhymne-du-disney-music-festival\/\" aria-label=\"Paroles de \u00ab\u00a0Viva la Musique\u00a0\u00bb, l&rsquo;hymne du Disney Music Festival\"><img loading=\"lazy\" decoding=\"async\" width=\"1024\" height=\"392\" src=\"https:\/\/www.radio-of-magic.com\/wp-content\/uploads\/2025\/04\/Design-sans-titre-1-1024x392.png\" class=\"attachment-large size-large wp-post-image\" alt=\"\" srcset=\"https:\/\/www.radio-of-magic.com\/wp-content\/uploads\/2025\/04\/Design-sans-titre-1-1024x392.png 1024w, https:\/\/www.radio-of-magic.com\/wp-content\/uploads\/2025\/04\/Design-sans-titre-1-300x115.png 300w, https:\/\/www.radio-of-magic.com\/wp-content\/uploads\/2025\/04\/Design-sans-titre-1-18x7.png 18w, https:\/\/www.radio-of-magic.com\/wp-content\/uploads\/2025\/04\/Design-sans-titre-1-888x340.png 888w\" sizes=\"auto, (max-width: 1024px) 100vw, 1024px\" \/><\/a><\/div><div class=\"w-post-elm post_taxonomy usg_post_taxonomy_1 style_badge color_link_inherit\"><div class=\"w-post-elm-list\"><a class=\"w-btn us-btn-style_25 term-15 term-musiques\" href=\"https:\/\/www.radio-of-magic.com\/fr\/category\/disneyland-paris\/musiques\/\"><span class=\"w-btn-label\">Musiques<\/span><\/a><a class=\"w-btn us-btn-style_25 term-3 term-parc-disneyland\" href=\"https:\/\/www.radio-of-magic.com\/fr\/category\/disneyland-paris\/parc-disneyland\/\"><span class=\"w-btn-label\">Parc Disneyland<\/span><\/a><\/div><\/div><div class=\"w-vwrapper usg_vwrapper_1 align_left valign_top\"><h2 class=\"w-post-elm post_title usg_post_title_1 entry-title color_link_inherit\"><a href=\"https:\/\/www.radio-of-magic.com\/fr\/2025\/04\/paroles-de-viva-la-musique-lhymne-du-disney-music-festival\/\">Paroles de \u00ab\u00a0Viva la Musique\u00a0\u00bb, l&rsquo;hymne du Disney Music Festival<\/a><\/h2><div class=\"w-hwrapper usg_hwrapper_1 has_text_color align_left valign_top wrap\"><\/div><div class=\"w-post-elm post_content usg_post_content_1\">Vibrez au rythme de la musique avec le Disney Music Festival, une nouvelle saison exclusive propos\u00e9e du 19 avril au 7 septembre 2025 au Parc Disneyland, \u00e0 Disneyland Paris !\u2026<\/div><\/div>\t\t<\/div>\r\n\t\t\t<\/article>\r\n\t<article class=\"w-grid-item size_1x1 post-970 post type-post status-publish format-standard has-post-thumbnail hentry category-renovations category-walt-disney-studios\" data-id=\"970\">\r\n\t\t<div class=\"w-grid-item-h\">\r\n\t\t\t\t\t\t<div class=\"w-post-elm post_image usg_post_image_1 stretched\"><a href=\"https:\/\/www.radio-of-magic.com\/fr\/2025\/03\/nouvelle-boutique-souvenirs-pres-de-the-twilight-zone-tower-of-terror\/\" aria-label=\"Nouvelle boutique souvenirs pr\u00e8s de The Twilight Zone Tower of Terror\"><img loading=\"lazy\" decoding=\"async\" width=\"640\" height=\"360\" src=\"https:\/\/www.radio-of-magic.com\/wp-content\/uploads\/2025\/03\/n018362_2050jan01_the-twilight-zone-tower-of-terror_16-9_tcm808-159415p1fjpg-640x360-1.jpg\" class=\"attachment-large size-large wp-post-image\" alt=\"\" srcset=\"https:\/\/www.radio-of-magic.com\/wp-content\/uploads\/2025\/03\/n018362_2050jan01_the-twilight-zone-tower-of-terror_16-9_tcm808-159415p1fjpg-640x360-1.jpg 640w, https:\/\/www.radio-of-magic.com\/wp-content\/uploads\/2025\/03\/n018362_2050jan01_the-twilight-zone-tower-of-terror_16-9_tcm808-159415p1fjpg-640x360-1-300x169.jpg 300w, https:\/\/www.radio-of-magic.com\/wp-content\/uploads\/2025\/03\/n018362_2050jan01_the-twilight-zone-tower-of-terror_16-9_tcm808-159415p1fjpg-640x360-1-18x10.jpg 18w\" sizes=\"auto, (max-width: 640px) 100vw, 640px\" \/><\/a><\/div><div class=\"w-post-elm post_taxonomy usg_post_taxonomy_1 style_badge color_link_inherit\"><div class=\"w-post-elm-list\"><a class=\"w-btn us-btn-style_25 term-23 term-renovations\" href=\"https:\/\/www.radio-of-magic.com\/fr\/category\/disneyland-paris\/renovations\/\"><span class=\"w-btn-label\">R\u00e9novations<\/span><\/a><a class=\"w-btn us-btn-style_25 term-4 term-walt-disney-studios\" href=\"https:\/\/www.radio-of-magic.com\/fr\/category\/disneyland-paris\/walt-disney-studios\/\"><span class=\"w-btn-label\">Walt Disney Studios<\/span><\/a><\/div><\/div><div class=\"w-vwrapper usg_vwrapper_1 align_left valign_top\"><h2 class=\"w-post-elm post_title usg_post_title_1 entry-title color_link_inherit\"><a href=\"https:\/\/www.radio-of-magic.com\/fr\/2025\/03\/nouvelle-boutique-souvenirs-pres-de-the-twilight-zone-tower-of-terror\/\">Nouvelle boutique souvenirs pr\u00e8s de The Twilight Zone Tower of Terror<\/a><\/h2><div class=\"w-hwrapper usg_hwrapper_1 has_text_color align_left valign_top wrap\"><\/div><div class=\"w-post-elm post_content usg_post_content_1\">Disneyland Paris annonce l&rsquo;ouverture d&rsquo;une nouvelle boutique, au design des ann\u00e9es 1930 \u00e0 Hollywood qui s\u2019int\u00e9grera harmonieusement dans World Premiere Plaza et son quartier des th\u00e9\u00e2tres \u00e0 l\u2019esprit Art D\u00e9co.\u2026<\/div><\/div>\t\t<\/div>\r\n\t\t\t<\/article>\r\n\t<article class=\"w-grid-item size_1x1 post-946 post type-post status-publish format-standard has-post-thumbnail hentry category-parc-disneyland\" data-id=\"946\">\r\n\t\t<div class=\"w-grid-item-h\">\r\n\t\t\t\t\t\t<div class=\"w-post-elm post_image usg_post_image_1 stretched\"><a href=\"https:\/\/www.radio-of-magic.com\/fr\/2025\/01\/disney-music-festival-de-la-musique-des-costumes-et-des-souvenirs\/\" aria-label=\"Disney Music Festival, de la musique, des costumes et des souvenirs !\"><img loading=\"lazy\" decoding=\"async\" width=\"1024\" height=\"724\" src=\"https:\/\/www.radio-of-magic.com\/wp-content\/uploads\/2025\/01\/DMF_KV-FR_HORIZONTAL-2-1024x724.jpg\" class=\"attachment-large size-large wp-post-image\" alt=\"\" srcset=\"https:\/\/www.radio-of-magic.com\/wp-content\/uploads\/2025\/01\/DMF_KV-FR_HORIZONTAL-2-1024x724.jpg 1024w, https:\/\/www.radio-of-magic.com\/wp-content\/uploads\/2025\/01\/DMF_KV-FR_HORIZONTAL-2-300x212.jpg 300w, https:\/\/www.radio-of-magic.com\/wp-content\/uploads\/2025\/01\/DMF_KV-FR_HORIZONTAL-2-18x12.jpg 18w, https:\/\/www.radio-of-magic.com\/wp-content\/uploads\/2025\/01\/DMF_KV-FR_HORIZONTAL-2-888x628.jpg 888w, https:\/\/www.radio-of-magic.com\/wp-content\/uploads\/2025\/01\/DMF_KV-FR_HORIZONTAL-2.jpg 1200w\" sizes=\"auto, (max-width: 1024px) 100vw, 1024px\" \/><\/a><\/div><div class=\"w-post-elm post_taxonomy usg_post_taxonomy_1 style_badge color_link_inherit\"><a class=\"w-btn us-btn-style_25 term-3 term-parc-disneyland\" href=\"https:\/\/www.radio-of-magic.com\/fr\/category\/disneyland-paris\/parc-disneyland\/\"><span class=\"w-btn-label\">Parc Disneyland<\/span><\/a><\/div><div class=\"w-vwrapper usg_vwrapper_1 align_left valign_top\"><h2 class=\"w-post-elm post_title usg_post_title_1 entry-title color_link_inherit\"><a href=\"https:\/\/www.radio-of-magic.com\/fr\/2025\/01\/disney-music-festival-de-la-musique-des-costumes-et-des-souvenirs\/\">Disney Music Festival, de la musique, des costumes et des souvenirs !<\/a><\/h2><div class=\"w-hwrapper usg_hwrapper_1 has_text_color align_left valign_top wrap\"><\/div><div class=\"w-post-elm post_content usg_post_content_1\">Du 19 avril au 7 septembre 2025, l\u2019ensemble du Parc Disneyland va r\u00e9sonner de mille et une notes \u00e0 l\u2019occasion du Disney Music Festival, un \u00e9v\u00e9nement in\u00e9dit, 100% original, 100%\u2026<\/div><\/div>\t\t<\/div>\r\n\t\t\t<\/article>\r\n\t<article class=\"w-grid-item size_1x1 post-900 post type-post status-publish format-standard has-post-thumbnail hentry category-offres-disneyland-paris-terminees\" data-id=\"900\">\r\n\t\t<div class=\"w-grid-item-h\">\r\n\t\t\t\t\t\t<div class=\"w-post-elm post_image usg_post_image_1 stretched\"><a href=\"https:\/\/www.radio-of-magic.com\/fr\/2024\/12\/venez-vivre-un-hiver-enchante\/\" aria-label=\"Venez vivre un hiver enchant\u00e9 !\"><img loading=\"lazy\" decoding=\"async\" width=\"1024\" height=\"1015\" src=\"https:\/\/www.radio-of-magic.com\/wp-content\/uploads\/2024\/12\/Christmas-1-scaled-1-1024x1015.jpg\" class=\"attachment-large size-large wp-post-image\" alt=\"\" srcset=\"https:\/\/www.radio-of-magic.com\/wp-content\/uploads\/2024\/12\/Christmas-1-scaled-1-1024x1015.jpg 1024w, https:\/\/www.radio-of-magic.com\/wp-content\/uploads\/2024\/12\/Christmas-1-scaled-1-300x297.jpg 300w, https:\/\/www.radio-of-magic.com\/wp-content\/uploads\/2024\/12\/Christmas-1-scaled-1-150x150.jpg 150w, https:\/\/www.radio-of-magic.com\/wp-content\/uploads\/2024\/12\/Christmas-1-scaled-1-12x12.jpg 12w, https:\/\/www.radio-of-magic.com\/wp-content\/uploads\/2024\/12\/Christmas-1-scaled-1-888x880.jpg 888w\" sizes=\"auto, (max-width: 1024px) 100vw, 1024px\" \/><\/a><\/div><div class=\"w-post-elm post_taxonomy usg_post_taxonomy_1 style_badge color_link_inherit\"><a class=\"w-btn us-btn-style_25 term-19 term-offres-disneyland-paris-terminees\" href=\"https:\/\/www.radio-of-magic.com\/fr\/category\/offres-disneyland-paris-terminees\/\"><span class=\"w-btn-label\">Offres Disneyland Paris termin\u00e9es<\/span><\/a><\/div><div class=\"w-vwrapper usg_vwrapper_1 align_left valign_top\"><h2 class=\"w-post-elm post_title usg_post_title_1 entry-title color_link_inherit\"><a href=\"https:\/\/www.radio-of-magic.com\/fr\/2024\/12\/venez-vivre-un-hiver-enchante\/\">Venez vivre un hiver enchant\u00e9 !<\/a><\/h2><div class=\"w-hwrapper usg_hwrapper_1 has_text_color align_left valign_top wrap\"><\/div><div class=\"w-post-elm post_content usg_post_content_1\">Non disponibleMalheureusement, cette offre n&rsquo;est plus disponible. De nouvelles offres sont publi\u00e9es r\u00e9guli\u00e8rement, n&rsquo;h\u00e9sitez pas \u00e0 y jeter un oeil. Voir les offres Prolongez la magie avec un s\u00e9jour dans\u2026<\/div><\/div>\t\t<\/div>\r\n\t\t\t<\/article>\r\n\t<article class=\"w-grid-item size_1x1 post-915 post type-post status-publish format-standard has-post-thumbnail hentry category-musiques\" data-id=\"915\">\r\n\t\t<div class=\"w-grid-item-h\">\r\n\t\t\t\t\t\t<div class=\"w-post-elm post_image usg_post_image_1 stretched\"><a href=\"https:\/\/www.radio-of-magic.com\/fr\/2024\/12\/rencontre-avec-sabrina-belmo-et-rodrigue-galio-deux-chanteurs-aux-liens-forts-avec-disneyland-paris\/\" aria-label=\"Rencontre avec Sabrina Belmo et Rodrigue Galio, deux chanteurs aux liens forts avec Disneyland Paris\"><img loading=\"lazy\" decoding=\"async\" width=\"1024\" height=\"683\" src=\"https:\/\/www.radio-of-magic.com\/wp-content\/uploads\/2025\/01\/INNER_PULSE8-scaled-1-1024x683.jpg\" class=\"attachment-large size-large wp-post-image\" alt=\"\" srcset=\"https:\/\/www.radio-of-magic.com\/wp-content\/uploads\/2025\/01\/INNER_PULSE8-scaled-1-1024x683.jpg 1024w, https:\/\/www.radio-of-magic.com\/wp-content\/uploads\/2025\/01\/INNER_PULSE8-scaled-1-300x200.jpg 300w, https:\/\/www.radio-of-magic.com\/wp-content\/uploads\/2025\/01\/INNER_PULSE8-scaled-1-18x12.jpg 18w, https:\/\/www.radio-of-magic.com\/wp-content\/uploads\/2025\/01\/INNER_PULSE8-scaled-1-888x592.jpg 888w\" sizes=\"auto, (max-width: 1024px) 100vw, 1024px\" \/><\/a><\/div><div class=\"w-post-elm post_taxonomy usg_post_taxonomy_1 style_badge color_link_inherit\"><a class=\"w-btn us-btn-style_25 term-15 term-musiques\" href=\"https:\/\/www.radio-of-magic.com\/fr\/category\/disneyland-paris\/musiques\/\"><span class=\"w-btn-label\">Musiques<\/span><\/a><\/div><div class=\"w-vwrapper usg_vwrapper_1 align_left valign_top\"><h2 class=\"w-post-elm post_title usg_post_title_1 entry-title color_link_inherit\"><a href=\"https:\/\/www.radio-of-magic.com\/fr\/2024\/12\/rencontre-avec-sabrina-belmo-et-rodrigue-galio-deux-chanteurs-aux-liens-forts-avec-disneyland-paris\/\">Rencontre avec Sabrina Belmo et Rodrigue Galio, deux chanteurs aux liens forts avec Disneyland Paris<\/a><\/h2><div class=\"w-hwrapper usg_hwrapper_1 has_text_color align_left valign_top wrap\"><\/div><div class=\"w-post-elm post_content usg_post_content_1\">Le Billy Bob\u2019s Country Western Saloon accueille des artistes sur sc\u00e8ne tous les week-ends. Le prochain concert mettra en vedette le groupe de musique \u00ab Inner Pulse \u00bb, accompagn\u00e9 de\u2026<\/div><\/div>\t\t<\/div>\r\n\t\t\t<\/article>\r\n\t<article class=\"w-grid-item size_1x1 post-927 post type-post status-publish format-standard has-post-thumbnail hentry category-parc-disneyland category-renovations\" data-id=\"927\">\r\n\t\t<div class=\"w-grid-item-h\">\r\n\t\t\t\t\t\t<div class=\"w-post-elm post_image usg_post_image_1 stretched\"><a href=\"https:\/\/www.radio-of-magic.com\/fr\/2024\/12\/renovation-de-big-thunder-mountain-de-janvier-jusquau-debut-de-lete-2025\/\" aria-label=\"R\u00e9novation de Big Thunder Mountain de janvier jusqu\u2019au d\u00e9but de l\u2019\u00e9t\u00e9 2025\"><img loading=\"lazy\" decoding=\"async\" width=\"1000\" height=\"667\" src=\"https:\/\/www.radio-of-magic.com\/wp-content\/uploads\/2025\/01\/BTM_1-Header.png\" class=\"attachment-large size-large wp-post-image\" alt=\"\" srcset=\"https:\/\/www.radio-of-magic.com\/wp-content\/uploads\/2025\/01\/BTM_1-Header.png 1000w, https:\/\/www.radio-of-magic.com\/wp-content\/uploads\/2025\/01\/BTM_1-Header-300x200.png 300w, https:\/\/www.radio-of-magic.com\/wp-content\/uploads\/2025\/01\/BTM_1-Header-18x12.png 18w, https:\/\/www.radio-of-magic.com\/wp-content\/uploads\/2025\/01\/BTM_1-Header-888x592.png 888w\" sizes=\"auto, (max-width: 1000px) 100vw, 1000px\" \/><\/a><\/div><div class=\"w-post-elm post_taxonomy usg_post_taxonomy_1 style_badge color_link_inherit\"><div class=\"w-post-elm-list\"><a class=\"w-btn us-btn-style_25 term-3 term-parc-disneyland\" href=\"https:\/\/www.radio-of-magic.com\/fr\/category\/disneyland-paris\/parc-disneyland\/\"><span class=\"w-btn-label\">Parc Disneyland<\/span><\/a><a class=\"w-btn us-btn-style_25 term-23 term-renovations\" href=\"https:\/\/www.radio-of-magic.com\/fr\/category\/disneyland-paris\/renovations\/\"><span class=\"w-btn-label\">R\u00e9novations<\/span><\/a><\/div><\/div><div class=\"w-vwrapper usg_vwrapper_1 align_left valign_top\"><h2 class=\"w-post-elm post_title usg_post_title_1 entry-title color_link_inherit\"><a href=\"https:\/\/www.radio-of-magic.com\/fr\/2024\/12\/renovation-de-big-thunder-mountain-de-janvier-jusquau-debut-de-lete-2025\/\">R\u00e9novation de Big Thunder Mountain de janvier jusqu\u2019au d\u00e9but de l\u2019\u00e9t\u00e9 2025<\/a><\/h2><div class=\"w-hwrapper usg_hwrapper_1 has_text_color align_left valign_top wrap\"><\/div><div class=\"w-post-elm post_content usg_post_content_1\">D\u00e8s le 6 janvier 2025, l\u2019attraction iconique Big Thunder Mountain sera temporairement ferm\u00e9e au public pour r\u00e9novation jusqu\u2019au d\u00e9but de l\u2019\u00e9t\u00e9 2025. Alors que de nombreuses \u00e9quipes de Disneyland\u00ae Paris\u2026<\/div><\/div>\t\t<\/div>\r\n\t\t\t<\/article>\r\n<\/div>\t<div class=\"w-grid-preloader\">\r\n\t\t<div class=\"g-preloader type_1\">\r\n\t\t\t<div><\/div>\r\n\t\t<\/div>\r\n\t<\/div>\r\n\t\t<div class=\"w-grid-json hidden\" onclick='return {&quot;action&quot;:&quot;us_ajax_grid&quot;,&quot;infinite_scroll&quot;:0,&quot;max_num_pages&quot;:7,&quot;pagination&quot;:&quot;none&quot;,&quot;template_vars&quot;:{&quot;columns&quot;:&quot;3&quot;,&quot;exclude_items&quot;:&quot;prev&quot;,&quot;img_size&quot;:&quot;default&quot;,&quot;ignore_items_size&quot;:0,&quot;items_layout&quot;:&quot;154&quot;,&quot;items_offset&quot;:&quot;1&quot;,&quot;load_animation&quot;:&quot;none&quot;,&quot;overriding_link&quot;:&quot;{\\&quot;url\\&quot;:\\&quot;\\&quot;}&quot;,&quot;post_id&quot;:0,&quot;query_args&quot;:{&quot;post_type&quot;:[&quot;post&quot;],&quot;post_status&quot;:[&quot;publish&quot;],&quot;posts_per_page&quot;:&quot;6&quot;},&quot;orderby_query_args&quot;:{&quot;orderby&quot;:{&quot;date&quot;:&quot;DESC&quot;}},&quot;type&quot;:&quot;grid&quot;,&quot;us_grid_post_type&quot;:&quot;post&quot;,&quot;us_grid_ajax_index&quot;:1,&quot;us_grid_filter_query_string&quot;:null,&quot;us_grid_index&quot;:1,&quot;page_args&quot;:[]}}'><\/div>\r\n\t<\/div><div class=\"w-separator size_small\"><\/div>\n\t<div class=\"wpb_raw_code wpb_raw_html wpb_content_element us_custom_909b2fd0\" >\n\t\t<div class=\"wpb_wrapper\">\n\t\t\t<div class=\"ad\">\n<!-- START ADVERTISER: from tradedoubler.com -->\n<script type=\"text\/javascript\">\nvar uri = 'https:\/\/impfr.tradedoubler.com\/imp?type(img)g(24282010)a(3222311)' + new String (Math.random()).substring (2, 11);\ndocument.write('<a href=\"https:\/\/clk.tradedoubler.com\/click?p=19240&a=3222311&g=24282010\" target=\"_BLANK\"><img decoding=\"async\" src=\"'+uri+'\" border=0><\/a>');\n<\/script>\n<!--<a href=\"https:\/\/clk.tradedoubler.com\/click?p=19240&a=3222311&g=24476440\" target=\"_blank\">\n<img decoding=\"async\" src=\"\/wp-content\/uploads\/2025\/03\/DMF_FR_728x90.jpg\" \/>\n<\/a>\n<img decoding=\"async\" src=\"https:\/\/imp.tradedoubler.com\/imp?type(inv)g(24476440)a(3222311)\">\n-->\n<!-- END ADVERTISER: from tradedoubler.com -->\n<div class=\"ad-mention\"><a href=\"\/mentions-legales#monetisation\" target=\"_blank\">Publicit\u00e9 - En cliquant sur la publicit\u00e9 et en r\u00e9servant un billet ou un s\u00e9jour, vous nous aidez \u00e0 financer le site et la webradio - en savoir plus<\/a><\/div>\n<\/div>\n\t\t<\/div>\n\t<\/div>\n<div class=\"w-separator size_small\"><\/div><div class=\"w-btn-wrapper align_center\"><a class=\"w-btn us-btn-style_2 icon_atright\" title=\"News\" href=\"https:\/\/www.radio-of-magic.com\/news\/\"><span class=\"w-btn-label\">Toutes nos news<\/span><i class=\"fas fa-arrow-right\"><\/i><\/a><\/div><\/div><\/div><\/div><\/div><\/div><\/section><section class=\"l-section wpb_row height_auto\"><div class=\"l-section-h i-cf\"><div class=\"g-cols vc_row via_flex valign_top type_default stacking_default\"><div class=\"vc_col-sm-12 wpb_column vc_column_container\"><div class=\"vc_column-inner\"><div class=\"wpb_wrapper\"><div class=\"w-separator size_large with_line width_default thick_3 style_solid color_border align_center with_text with_content\"><div class=\"w-separator-h\"><h3 class=\"w-separator-text\"><span>Partenaire<\/span><\/h3><\/div><\/div><\/div><\/div><\/div><\/div><\/div><\/section><section class=\"l-section wpb_row us_custom_e107ce02 has_text_color height_auto width_full\"><div class=\"l-section-overlay\" style=\"background:var(--color-content-text)\"><\/div><div class=\"l-section-h i-cf\"><div class=\"g-cols vc_row via_flex valign_top type_default stacking_default\"><div class=\"vc_col-sm-8 wpb_column vc_column_container\"><div class=\"vc_column-inner\"><div class=\"wpb_wrapper\"><div class=\"w-iconbox iconpos_left style_default color_primary align_left no_title icontype_img\"><div class=\"w-iconbox-icon\" style=\"font-size:96px;\"><img loading=\"lazy\" decoding=\"async\" width=\"993\" height=\"712\" src=\"https:\/\/www.radio-of-magic.com\/wp-content\/uploads\/2022\/11\/logoMondoDisneyland22-1.jpg\" class=\"attachment-full size-full\" alt=\"\" srcset=\"https:\/\/www.radio-of-magic.com\/wp-content\/uploads\/2022\/11\/logoMondoDisneyland22-1.jpg 993w, https:\/\/www.radio-of-magic.com\/wp-content\/uploads\/2022\/11\/logoMondoDisneyland22-1-300x215.jpg 300w, https:\/\/www.radio-of-magic.com\/wp-content\/uploads\/2022\/11\/logoMondoDisneyland22-1-888x637.jpg 888w\" sizes=\"auto, (max-width: 993px) 100vw, 993px\" \/><\/div><div class=\"w-iconbox-meta\"><div class=\"w-iconbox-text\"><p><strong>MondoDisneyland<br \/>\n<\/strong>Depuis 2006, le premier forum italien sur Disneyland Paris<br \/>\n<em>Dal 2006 il primo forum italiano sul Mondo Disneyland<\/em><\/p>\n<\/div><\/div><\/div><\/div><\/div><\/div><div class=\"vc_col-sm-4 wpb_column vc_column_container\"><div class=\"vc_column-inner us_custom_eb849559\"><div class=\"wpb_wrapper\"><div class=\"w-btn-wrapper align_none\"><a class=\"w-btn us-btn-style_2 icon_atleft\" title=\"Site de Mondo Disneyland\" target=\"_blank\" rel=\"nofollow\" href=\"http:\/\/www.mondodisneyland.it\"><i class=\"fas fa-eye\"><\/i><span class=\"w-btn-label\">Vai al sito e al forum<\/span><\/a><\/div><\/div><\/div><\/div><\/div><\/div><\/section>\n","protected":false},"excerpt":{"rendered":"D\u00e8s le 6 janvier 2025, l\u2019attraction iconique Big Thunder Mountain sera temporairement ferm\u00e9e au public pour r\u00e9novation jusqu\u2019au d\u00e9but de l\u2019\u00e9t\u00e9 2025. Alors que de nombreuses \u00e9quipes de Disneyland\u00ae Paris sont d\u00e9j\u00e0 \u00e0 pied d\u2019\u0153uvre sur ce projet, d\u00e9couvrez un aper\u00e7u de ce qui se pr\u00e9pare ! Depuis plus d\u2019un an, les \u00e9quipes Walt Disney...","protected":false},"author":1,"featured_media":0,"parent":0,"menu_order":0,"comment_status":"closed","ping_status":"closed","template":"","meta":{"footnotes":""},"class_list":["post-105","page","type-page","status-publish","hentry"],"_links":{"self":[{"href":"https:\/\/www.radio-of-magic.com\/fr\/wp-json\/wp\/v2\/pages\/105","targetHints":{"allow":["GET"]}}],"collection":[{"href":"https:\/\/www.radio-of-magic.com\/fr\/wp-json\/wp\/v2\/pages"}],"about":[{"href":"https:\/\/www.radio-of-magic.com\/fr\/wp-json\/wp\/v2\/types\/page"}],"author":[{"embeddable":true,"href":"https:\/\/www.radio-of-magic.com\/fr\/wp-json\/wp\/v2\/users\/1"}],"replies":[{"embeddable":true,"href":"https:\/\/www.radio-of-magic.com\/fr\/wp-json\/wp\/v2\/comments?post=105"}],"version-history":[{"count":27,"href":"https:\/\/www.radio-of-magic.com\/fr\/wp-json\/wp\/v2\/pages\/105\/revisions"}],"predecessor-version":[{"id":1045,"href":"https:\/\/www.radio-of-magic.com\/fr\/wp-json\/wp\/v2\/pages\/105\/revisions\/1045"}],"wp:attachment":[{"href":"https:\/\/www.radio-of-magic.com\/fr\/wp-json\/wp\/v2\/media?parent=105"}],"curies":[{"name":"wp","href":"https:\/\/api.w.org\/{rel}","templated":true}]}}